{"id":10895,"date":"2026-03-15T18:54:02","date_gmt":"2026-03-15T18:54:02","guid":{"rendered":"https:\/\/bojler.mtecprojects.ch\/?post_type=product&#038;p=10895"},"modified":"2026-03-15T18:54:51","modified_gmt":"2026-03-15T18:54:51","slug":"tiki-teg-mini-5lvm","status":"publish","type":"product","link":"https:\/\/bojler.mtecprojects.ch\/?product=tiki-teg-mini-5lvm","title":{"rendered":"Tiki TEG Mini 5LVM"},"content":{"rendered":"<h2>Dodatne informacije<\/h2>\n<table class=\"woocommerce-product-attributes shop_attributes\" aria-label=\"\u0414\u0435\u0442\u0430\u0459\u0438 \u043e \u043f\u0440\u043e\u0438\u0437\u0432\u043e\u0434\u0443\">\n<tbody>\n<tr class=\"woocommerce-product-attributes-item woocommerce-product-attributes-item--weight\">\n<th class=\"woocommerce-product-attributes-item__label\" scope=\"row\">Te\u017eina<\/th>\n<td class=\"woocommerce-product-attributes-item__value\">3,2 kg<\/td>\n<\/tr>\n<tr class=\"woocommerce-product-attributes-item woocommerce-product-attributes-item--dimensions\">\n<th class=\"woocommerce-product-attributes-item__label\" scope=\"row\">Dimenzije (Dubina\u00d7\u0160irina\u00d7Visina)<\/th>\n<td class=\"woocommerce-product-attributes-item__value\">21,3 \u00d7 25,6 \u00d7 39 cm<\/td>\n<\/tr>\n<tr class=\"woocommerce-product-attributes-item woocommerce-product-attributes-item--attribute_pa_proizvodjac\">\n<th class=\"woocommerce-product-attributes-item__label\" scope=\"row\">Proizvo\u0111a\u010d<\/th>\n<td class=\"woocommerce-product-attributes-item__value\">Tiki<\/td>\n<\/tr>\n<tr class=\"woocommerce-product-attributes-item woocommerce-product-attributes-item--attribute_pa_zapremina\">\n<th class=\"woocommerce-product-attributes-item__label\" scope=\"row\">Zapremina<\/th>\n<td class=\"woocommerce-product-attributes-item__value\">5L<\/td>\n<\/tr>\n<tr class=\"woocommerce-product-attributes-item woocommerce-product-attributes-item--attribute_pa_snaga\">\n<th class=\"woocommerce-product-attributes-item__label\" scope=\"row\">Snaga<\/th>\n<td class=\"woocommerce-product-attributes-item__value\">2 kW<\/td>\n<\/tr>\n<tr class=\"woocommerce-product-attributes-item woocommerce-product-attributes-item--attribute_pa_materijal\">\n<th class=\"woocommerce-product-attributes-item__label\" scope=\"row\">Materijal<\/th>\n<td class=\"woocommerce-product-attributes-item__value\">Plastika<\/td>\n<\/tr>\n<tr class=\"woocommerce-product-attributes-item woocommerce-product-attributes-item--attribute_pa_energetski-razred\">\n<th class=\"woocommerce-product-attributes-item__label\" scope=\"row\">Energetski razred<\/th>\n<td class=\"woocommerce-product-attributes-item__value\">A<\/td>\n<\/tr>\n<tr class=\"woocommerce-product-attributes-item woocommerce-product-attributes-item--attribute_pa_montiranje\">\n<th class=\"woocommerce-product-attributes-item__label\" scope=\"row\">Montiranje<\/th>\n<td class=\"woocommerce-product-attributes-item__value\">Zid, Visoka monta\u017ea<\/td>\n<\/tr>\n<tr class=\"woocommerce-product-attributes-item woocommerce-product-attributes-item--attribute_pa_nacin-ugradnje\">\n<th class=\"woocommerce-product-attributes-item__label\" scope=\"row\">Na\u010din ugradnje<\/th>\n<td class=\"woocommerce-product-attributes-item__value\">Vertikalno<\/td>\n<\/tr>\n<tr class=\"woocommerce-product-attributes-item woocommerce-product-attributes-item--attribute_pa_boja\">\n<th class=\"woocommerce-product-attributes-item__label\" scope=\"row\">Boja<\/th>\n<td class=\"woocommerce-product-attributes-item__value\">Bela<\/td>\n<\/tr>\n<tr class=\"woocommerce-product-attributes-item woocommerce-product-attributes-item--attribute_pa_princip-rada\">\n<th class=\"woocommerce-product-attributes-item__label\" scope=\"row\">Princip rada<\/th>\n<td class=\"woocommerce-product-attributes-item__value\">Niskopritisni<\/td>\n<\/tr>\n<tr class=\"woocommerce-product-attributes-item woocommerce-product-attributes-item--attribute_pa_zemlja\">\n<th class=\"woocommerce-product-attributes-item__label\" scope=\"row\">Zemlja porekla<\/th>\n<td class=\"woocommerce-product-attributes-item__value\">Srbija<\/td>\n<\/tr>\n<\/tbody>\n<\/table>\n","protected":false},"excerpt":{"rendered":"<p><strong>Elektri\u010dni uronjeni greja\u010di<\/strong><br \/>\nBakarni uronjeni elektri\u010dni greja\u010di u neposrednom kontaktu sa vodom osiguravaju jaku otpornost na koroziju i dugi \u017eivotni vek.<br \/>\n<strong>Plasti\u010dni kotao<\/strong><br \/>\nKotli\u0107 je napravljen od higijensko besprekornog plasti\u010dnog materijala koji nije \u0161tetan po zdravlje.<br \/>\n<strong>Basic<\/strong><br \/>\nOsnovna regulacija dugmetom omogu\u0107ava pode\u0161avanje temperature do \u017eeljenog nivoa: izbor najvi\u0161e temperature, ekonomi\u010dnu temperaturu ili pode\u0161avanje temperature protiv zamrzavanja.<br \/>\n<strong>Jer znamo \u0161ta radimo<\/strong><br \/>\nUvereni u kvalitet na\u0161ih proizvoda i uz brigu o ispunjavaju o\u010dekivanja na\u0161ih korisnika, nudimo 10 godina garancije na kotao bojlera (uz kontrolu magnezijumske anode bojlera jednom u 5 godina, kod bojlera koji imaju emajlirani kotao).<br \/>\n<strong>ECO care, jer nam je stalo<\/strong><br \/>\nEkolo\u0161ki prihvatljivi bojleri i toplotne pumpe napravljeni od 100% recikliranog materijala.<br \/>\n<strong>Evopski kvalitet<\/strong><br \/>\nUgra\u0111ene komponente evropskih proizvo\u0111a\u010da obezbe\u0111uju kvalitet i dug \u017eivotni vek elektri\u010dnih bojlera.<br \/>\n<strong>Za\u0161tita od pregrevanja<\/strong><br \/>\nZa\u0161tita od pregrevanja spre\u010dava podizanje temperature vode u bojleru iznad 90 \u00b0C . Bojler se isklju\u010duje i upozorava korisnika da je temperatura vode previsoka zbog nepravilnosti u radu. Tako \u0161titi korisnika da se eventualno slu\u010dajno ne ope\u010de.<\/p>\n<p>Monta\u017ea je trenutno dostupna samo na teritoriji Beograda i uklju\u010duje demonta\u017eu starog bojlera.<br \/>\nDostava, nosa\u010di bojlera i brinoks creva nisu uklju\u010deni u cenu.<\/p>\n","protected":false},"featured_media":10966,"comment_status":"closed","ping_status":"closed","template":"","meta":{"_acf_changed":false,"content-type":""},"pwb-brand":[],"product_brand":[],"product_cat":[186,145,132,134,136,138,140,159,188,142,205,141,146,129,152],"product_tag":[],"class_list":{"0":"post-10895","1":"product","2":"type-product","3":"status-publish","4":"has-post-thumbnail","6":"product_cat-5l","7":"product_cat-a","8":"product_cat-brend","9":"product_cat-energetski-razred","10":"product_cat-materijal-kazana","11":"product_cat-montiranje","12":"product_cat-nacin-ugradnje","13":"product_cat-niskopritisni","14":"product_cat-plastika","15":"product_cat-princip-rada","16":"product_cat-tiki","17":"product_cat-vertikalno","18":"product_cat-visoka-montaza","19":"product_cat-zapremina-bojlera","20":"product_cat-zid","22":"first","23":"instock","24":"sale","25":"shipping-taxable","26":"purchasable","27":"product-type-simple"},"acf":[],"brands":[],"_links":{"self":[{"href":"https:\/\/bojler.mtecprojects.ch\/index.php?rest_route=\/wp\/v2\/product\/10895","targetHints":{"allow":["GET"]}}],"collection":[{"href":"https:\/\/bojler.mtecprojects.ch\/index.php?rest_route=\/wp\/v2\/product"}],"about":[{"href":"https:\/\/bojler.mtecprojects.ch\/index.php?rest_route=\/wp\/v2\/types\/product"}],"replies":[{"embeddable":true,"href":"https:\/\/bojler.mtecprojects.ch\/index.php?rest_route=%2Fwp%2Fv2%2Fcomments&post=10895"}],"wp:featuredmedia":[{"embeddable":true,"href":"https:\/\/bojler.mtecprojects.ch\/index.php?rest_route=\/wp\/v2\/media\/10966"}],"wp:attachment":[{"href":"https:\/\/bojler.mtecprojects.ch\/index.php?rest_route=%2Fwp%2Fv2%2Fmedia&parent=10895"}],"wp:term":[{"taxonomy":"pwb-brand","embeddable":true,"href":"https:\/\/bojler.mtecprojects.ch\/index.php?rest_route=%2Fwp%2Fv2%2Fpwb-brand&post=10895"},{"taxonomy":"product_brand","embeddable":true,"href":"https:\/\/bojler.mtecprojects.ch\/index.php?rest_route=%2Fwp%2Fv2%2Fproduct_brand&post=10895"},{"taxonomy":"product_cat","embeddable":true,"href":"https:\/\/bojler.mtecprojects.ch\/index.php?rest_route=%2Fwp%2Fv2%2Fproduct_cat&post=10895"},{"taxonomy":"product_tag","embeddable":true,"href":"https:\/\/bojler.mtecprojects.ch\/index.php?rest_route=%2Fwp%2Fv2%2Fproduct_tag&post=10895"}],"curies":[{"name":"wp","href":"https:\/\/api.w.org\/{rel}","templated":true}]}}